{"id":34590,"date":"2025-09-24T07:00:27","date_gmt":"2025-09-24T12:00:27","guid":{"rendered":"https:\/\/elestataldemexico.com\/?page_id=34590"},"modified":"2025-09-24T10:06:08","modified_gmt":"2025-09-24T15:06:08","slug":"el-frente-frio-numero-numero-ingresara-a-mexico-2","status":"publish","type":"page","link":"https:\/\/elestataldemexico.com\/index.php\/el-frente-frio-numero-numero-ingresara-a-mexico-2\/","title":{"rendered":"El frente fr\u00edo n\u00famero n\u00famero ingresar\u00e1 a M\u00e9xico"},"content":{"rendered":"<p>\ud83d\udd38Generar\u00e1 lluvias puntuales muy fuertes en Coahuila; y puntuales fuertes en Chihuahua, Nuevo Le\u00f3n y Tamaulipas.<\/p>\n<p>#NACIONAL\ud83c\uddf2\ud83c\uddfd ll Buenos d\u00edas \u2600\ufe0fll El Servicio Meteorol\u00f3gico Nacional informa que para hoy, el\u00a0monz\u00f3n mexicano\u00a0ocasionar\u00e1 lluvias puntuales intensas en Nayarit; puntuales muy fuertes en Sinaloa; puntuales fuertes en Sonora y Durango; chubascos en Baja California Sur y lluvias aisladas en zonas de Baja California.<\/p>\n<p>A su vez, el\u00a0nuevo frente fr\u00edo n\u00famero 4\u00a0ingresar\u00e1 sobre la frontera norte y noreste de la Rep\u00fablica Mexicana e interaccionar\u00e1 con un\u00a0canal de baja presi\u00f3n\u00a0sobre el noreste del pa\u00eds, lo que generar\u00e1 lluvias puntuales muy fuertes en Coahuila; y puntuales fuertes en Chihuahua, Nuevo Le\u00f3n y Tamaulipas, acompa\u00f1adas con descargas el\u00e9ctricas y posible ca\u00edda de granizo, as\u00ed como rachas de viento de 50 a 70 kil\u00f3metros por hora (km\/h) y posible formaci\u00f3n de torbellinos\u00a0en dichos estados.<\/p>\n<p>Otro\u00a0canal de baja presi\u00f3n\u00a0sobre el interior de la Rep\u00fablica Mexicana y el ingreso de\u00a0aire h\u00famedo\u00a0del oc\u00e9ano Pac\u00edfico y golfo de M\u00e9xico, originar\u00e1n lluvias puntuales muy fuertes en Puebla, Morelos, Estado de M\u00e9xico y San Luis Potos\u00ed; puntuales fuertes en Tabasco, Tlaxcala, Ciudad de M\u00e9xico, Hidalgo, Quer\u00e9taro y Guanajuato; chubascos en Zacatecas, as\u00ed como lluvias aisladas en Aguascalientes.<\/p>\n<p>La circulaci\u00f3n y los desprendimientos nubosos del\u00a0hurac\u00e1n Narda\u00a0en combinaci\u00f3n con\u00a0inestabilidad atmosf\u00e9rica\u00a0propiciar\u00e1n lluvias puntuales intensas en Jalisco (oeste); y puntuales muy fuertes en Michoac\u00e1n y Colima, as\u00ed como rachas de viento y oleaje elevado en el occidente mexicano.<\/p>\n<p>La\u00a0onda tropical n\u00famero 34\u00a0recorrer\u00e1 el sureste y sur del pa\u00eds, ocasionar\u00e1 lluvias puntuales intensas en Oaxaca y Guerrero; y puntuales muy fuertes en Chiapas. Un\u00a0canal de baja presi\u00f3n\u00a0y una\u00a0vaguada en altura\u00a0sobre la pen\u00ednsula de Yucat\u00e1n, generar\u00e1n lluvias puntuales muy fuertes en Yucat\u00e1n y Campeche; y puntuales fuertes en Quintana Roo.<\/p>\n<p>Finalmente, continuar\u00e1 el ambiente c\u00e1lido a caluroso por la tarde en la mayor parte del territorio nacional, y muy caluroso con temperaturas m\u00e1ximas superiores a los 40 grados cent\u00edgrados en zonas de Baja California, Baja California Sur, Sonora y Sinaloa.<\/p>\n","protected":false},"excerpt":{"rendered":"<p>\ud83d\udd38Generar\u00e1 lluvias puntuales muy fuertes en Coahuila; y puntuales fuertes en Chihuahua, Nuevo Le\u00f3n y Tamaulipas. #NACIONAL\ud83c\uddf2\ud83c\uddfd ll<\/p>\n","protected":false},"author":1,"featured_media":34592,"parent":0,"menu_order":0,"comment_status":"open","ping_status":"closed","template":"","meta":{"footnotes":""},"class_list":["post-34590","page","type-page","status-publish","has-post-thumbnail","hentry"],"yoast_head":"<!-- This site is optimized with the Yoast SEO plugin v27.4 - https:\/\/yoast.com\/product\/yoast-seo-wordpress\/ -->\n<title>El frente fr\u00edo n\u00famero n\u00famero ingresar\u00e1 a M\u00e9xico - El Estatal de M\u00e9xico<\/title>\n<meta name=\"robots\" content=\"index, follow, max-snippet:-1, max-image-preview:large, max-video-preview:-1\" \/>\n<link rel=\"canonical\" href=\"https:\/\/elestataldemexico.com\/index.php\/el-frente-frio-numero-numero-ingresara-a-mexico-2\/\" \/>\n<meta property=\"og:locale\" content=\"es_ES\" \/>\n<meta property=\"og:type\" content=\"article\" \/>\n<meta property=\"og:title\" content=\"El frente fr\u00edo n\u00famero n\u00famero ingresar\u00e1 a M\u00e9xico - El Estatal de M\u00e9xico\" \/>\n<meta property=\"og:description\" content=\"\ud83d\udd38Generar\u00e1 lluvias puntuales muy fuertes en Coahuila; y puntuales fuertes en Chihuahua, Nuevo Le\u00f3n y Tamaulipas. #NACIONAL\ud83c\uddf2\ud83c\uddfd ll\" \/>\n<meta property=\"og:url\" content=\"https:\/\/elestataldemexico.com\/index.php\/el-frente-frio-numero-numero-ingresara-a-mexico-2\/\" \/>\n<meta property=\"og:site_name\" content=\"El Estatal de M\u00e9xico\" \/>\n<meta property=\"article:modified_time\" content=\"2025-09-24T15:06:08+00:00\" \/>\n<meta name=\"twitter:card\" content=\"summary_large_image\" \/>\n<meta name=\"twitter:label1\" content=\"Tiempo de lectura\" \/>\n\t<meta name=\"twitter:data1\" content=\"2 minutos\" \/>\n<script type=\"application\/ld+json\" class=\"yoast-schema-graph\">{\"@context\":\"https:\\\/\\\/schema.org\",\"@graph\":[{\"@type\":\"WebPage\",\"@id\":\"https:\\\/\\\/elestataldemexico.com\\\/index.php\\\/el-frente-frio-numero-numero-ingresara-a-mexico-2\\\/\",\"url\":\"https:\\\/\\\/elestataldemexico.com\\\/index.php\\\/el-frente-frio-numero-numero-ingresara-a-mexico-2\\\/\",\"name\":\"El frente fr\u00edo n\u00famero n\u00famero ingresar\u00e1 a M\u00e9xico - El Estatal de M\u00e9xico\",\"isPartOf\":{\"@id\":\"https:\\\/\\\/elestataldemexico.com\\\/#website\"},\"primaryImageOfPage\":{\"@id\":\"https:\\\/\\\/elestataldemexico.com\\\/index.php\\\/el-frente-frio-numero-numero-ingresara-a-mexico-2\\\/#primaryimage\"},\"image\":{\"@id\":\"https:\\\/\\\/elestataldemexico.com\\\/index.php\\\/el-frente-frio-numero-numero-ingresara-a-mexico-2\\\/#primaryimage\"},\"thumbnailUrl\":\"https:\\\/\\\/elestataldemexico.com\\\/wp-content\\\/uploads\\\/2025\\\/09\\\/WhatsApp-Image-2025-09-24-at-07.33.11-1.jpeg\",\"datePublished\":\"2025-09-24T12:00:27+00:00\",\"dateModified\":\"2025-09-24T15:06:08+00:00\",\"breadcrumb\":{\"@id\":\"https:\\\/\\\/elestataldemexico.com\\\/index.php\\\/el-frente-frio-numero-numero-ingresara-a-mexico-2\\\/#breadcrumb\"},\"inLanguage\":\"es\",\"potentialAction\":[{\"@type\":\"ReadAction\",\"target\":[\"https:\\\/\\\/elestataldemexico.com\\\/index.php\\\/el-frente-frio-numero-numero-ingresara-a-mexico-2\\\/\"]}]},{\"@type\":\"ImageObject\",\"inLanguage\":\"es\",\"@id\":\"https:\\\/\\\/elestataldemexico.com\\\/index.php\\\/el-frente-frio-numero-numero-ingresara-a-mexico-2\\\/#primaryimage\",\"url\":\"https:\\\/\\\/elestataldemexico.com\\\/wp-content\\\/uploads\\\/2025\\\/09\\\/WhatsApp-Image-2025-09-24-at-07.33.11-1.jpeg\",\"contentUrl\":\"https:\\\/\\\/elestataldemexico.com\\\/wp-content\\\/uploads\\\/2025\\\/09\\\/WhatsApp-Image-2025-09-24-at-07.33.11-1.jpeg\",\"width\":1280,\"height\":748},{\"@type\":\"BreadcrumbList\",\"@id\":\"https:\\\/\\\/elestataldemexico.com\\\/index.php\\\/el-frente-frio-numero-numero-ingresara-a-mexico-2\\\/#breadcrumb\",\"itemListElement\":[{\"@type\":\"ListItem\",\"position\":1,\"name\":\"Portada\",\"item\":\"https:\\\/\\\/elestataldemexico.com\\\/\"},{\"@type\":\"ListItem\",\"position\":2,\"name\":\"El frente fr\u00edo n\u00famero n\u00famero ingresar\u00e1 a M\u00e9xico\"}]},{\"@type\":\"WebSite\",\"@id\":\"https:\\\/\\\/elestataldemexico.com\\\/#website\",\"url\":\"https:\\\/\\\/elestataldemexico.com\\\/\",\"name\":\"El Estatal de M\u00e9xico\",\"description\":\"\",\"publisher\":{\"@id\":\"https:\\\/\\\/elestataldemexico.com\\\/#organization\"},\"potentialAction\":[{\"@type\":\"SearchAction\",\"target\":{\"@type\":\"EntryPoint\",\"urlTemplate\":\"https:\\\/\\\/elestataldemexico.com\\\/?s={search_term_string}\"},\"query-input\":{\"@type\":\"PropertyValueSpecification\",\"valueRequired\":true,\"valueName\":\"search_term_string\"}}],\"inLanguage\":\"es\"},{\"@type\":\"Organization\",\"@id\":\"https:\\\/\\\/elestataldemexico.com\\\/#organization\",\"name\":\"El Estatal de M\u00e9xico\",\"url\":\"https:\\\/\\\/elestataldemexico.com\\\/\",\"logo\":{\"@type\":\"ImageObject\",\"inLanguage\":\"es\",\"@id\":\"https:\\\/\\\/elestataldemexico.com\\\/#\\\/schema\\\/logo\\\/image\\\/\",\"url\":\"https:\\\/\\\/elestataldemexico.com\\\/wp-content\\\/uploads\\\/2025\\\/05\\\/cropped-elestatal.png\",\"contentUrl\":\"https:\\\/\\\/elestataldemexico.com\\\/wp-content\\\/uploads\\\/2025\\\/05\\\/cropped-elestatal.png\",\"width\":504,\"height\":97,\"caption\":\"El Estatal de M\u00e9xico\"},\"image\":{\"@id\":\"https:\\\/\\\/elestataldemexico.com\\\/#\\\/schema\\\/logo\\\/image\\\/\"}}]}<\/script>\n<!-- \/ Yoast SEO plugin. -->","yoast_head_json":{"title":"El frente fr\u00edo n\u00famero n\u00famero ingresar\u00e1 a M\u00e9xico - El Estatal de M\u00e9xico","robots":{"index":"index","follow":"follow","max-snippet":"max-snippet:-1","max-image-preview":"max-image-preview:large","max-video-preview":"max-video-preview:-1"},"canonical":"https:\/\/elestataldemexico.com\/index.php\/el-frente-frio-numero-numero-ingresara-a-mexico-2\/","og_locale":"es_ES","og_type":"article","og_title":"El frente fr\u00edo n\u00famero n\u00famero ingresar\u00e1 a M\u00e9xico - El Estatal de M\u00e9xico","og_description":"\ud83d\udd38Generar\u00e1 lluvias puntuales muy fuertes en Coahuila; y puntuales fuertes en Chihuahua, Nuevo Le\u00f3n y Tamaulipas. #NACIONAL\ud83c\uddf2\ud83c\uddfd ll","og_url":"https:\/\/elestataldemexico.com\/index.php\/el-frente-frio-numero-numero-ingresara-a-mexico-2\/","og_site_name":"El Estatal de M\u00e9xico","article_modified_time":"2025-09-24T15:06:08+00:00","twitter_card":"summary_large_image","twitter_misc":{"Tiempo de lectura":"2 minutos"},"schema":{"@context":"https:\/\/schema.org","@graph":[{"@type":"WebPage","@id":"https:\/\/elestataldemexico.com\/index.php\/el-frente-frio-numero-numero-ingresara-a-mexico-2\/","url":"https:\/\/elestataldemexico.com\/index.php\/el-frente-frio-numero-numero-ingresara-a-mexico-2\/","name":"El frente fr\u00edo n\u00famero n\u00famero ingresar\u00e1 a M\u00e9xico - El Estatal de M\u00e9xico","isPartOf":{"@id":"https:\/\/elestataldemexico.com\/#website"},"primaryImageOfPage":{"@id":"https:\/\/elestataldemexico.com\/index.php\/el-frente-frio-numero-numero-ingresara-a-mexico-2\/#primaryimage"},"image":{"@id":"https:\/\/elestataldemexico.com\/index.php\/el-frente-frio-numero-numero-ingresara-a-mexico-2\/#primaryimage"},"thumbnailUrl":"https:\/\/elestataldemexico.com\/wp-content\/uploads\/2025\/09\/WhatsApp-Image-2025-09-24-at-07.33.11-1.jpeg","datePublished":"2025-09-24T12:00:27+00:00","dateModified":"2025-09-24T15:06:08+00:00","breadcrumb":{"@id":"https:\/\/elestataldemexico.com\/index.php\/el-frente-frio-numero-numero-ingresara-a-mexico-2\/#breadcrumb"},"inLanguage":"es","potentialAction":[{"@type":"ReadAction","target":["https:\/\/elestataldemexico.com\/index.php\/el-frente-frio-numero-numero-ingresara-a-mexico-2\/"]}]},{"@type":"ImageObject","inLanguage":"es","@id":"https:\/\/elestataldemexico.com\/index.php\/el-frente-frio-numero-numero-ingresara-a-mexico-2\/#primaryimage","url":"https:\/\/elestataldemexico.com\/wp-content\/uploads\/2025\/09\/WhatsApp-Image-2025-09-24-at-07.33.11-1.jpeg","contentUrl":"https:\/\/elestataldemexico.com\/wp-content\/uploads\/2025\/09\/WhatsApp-Image-2025-09-24-at-07.33.11-1.jpeg","width":1280,"height":748},{"@type":"BreadcrumbList","@id":"https:\/\/elestataldemexico.com\/index.php\/el-frente-frio-numero-numero-ingresara-a-mexico-2\/#breadcrumb","itemListElement":[{"@type":"ListItem","position":1,"name":"Portada","item":"https:\/\/elestataldemexico.com\/"},{"@type":"ListItem","position":2,"name":"El frente fr\u00edo n\u00famero n\u00famero ingresar\u00e1 a M\u00e9xico"}]},{"@type":"WebSite","@id":"https:\/\/elestataldemexico.com\/#website","url":"https:\/\/elestataldemexico.com\/","name":"El Estatal de M\u00e9xico","description":"","publisher":{"@id":"https:\/\/elestataldemexico.com\/#organization"},"potentialAction":[{"@type":"SearchAction","target":{"@type":"EntryPoint","urlTemplate":"https:\/\/elestataldemexico.com\/?s={search_term_string}"},"query-input":{"@type":"PropertyValueSpecification","valueRequired":true,"valueName":"search_term_string"}}],"inLanguage":"es"},{"@type":"Organization","@id":"https:\/\/elestataldemexico.com\/#organization","name":"El Estatal de M\u00e9xico","url":"https:\/\/elestataldemexico.com\/","logo":{"@type":"ImageObject","inLanguage":"es","@id":"https:\/\/elestataldemexico.com\/#\/schema\/logo\/image\/","url":"https:\/\/elestataldemexico.com\/wp-content\/uploads\/2025\/05\/cropped-elestatal.png","contentUrl":"https:\/\/elestataldemexico.com\/wp-content\/uploads\/2025\/05\/cropped-elestatal.png","width":504,"height":97,"caption":"El Estatal de M\u00e9xico"},"image":{"@id":"https:\/\/elestataldemexico.com\/#\/schema\/logo\/image\/"}}]}},"_links":{"self":[{"href":"https:\/\/elestataldemexico.com\/index.php\/wp-json\/wp\/v2\/pages\/34590","targetHints":{"allow":["GET"]}}],"collection":[{"href":"https:\/\/elestataldemexico.com\/index.php\/wp-json\/wp\/v2\/pages"}],"about":[{"href":"https:\/\/elestataldemexico.com\/index.php\/wp-json\/wp\/v2\/types\/page"}],"author":[{"embeddable":true,"href":"https:\/\/elestataldemexico.com\/index.php\/wp-json\/wp\/v2\/users\/1"}],"replies":[{"embeddable":true,"href":"https:\/\/elestataldemexico.com\/index.php\/wp-json\/wp\/v2\/comments?post=34590"}],"version-history":[{"count":1,"href":"https:\/\/elestataldemexico.com\/index.php\/wp-json\/wp\/v2\/pages\/34590\/revisions"}],"predecessor-version":[{"id":34591,"href":"https:\/\/elestataldemexico.com\/index.php\/wp-json\/wp\/v2\/pages\/34590\/revisions\/34591"}],"wp:featuredmedia":[{"embeddable":true,"href":"https:\/\/elestataldemexico.com\/index.php\/wp-json\/wp\/v2\/media\/34592"}],"wp:attachment":[{"href":"https:\/\/elestataldemexico.com\/index.php\/wp-json\/wp\/v2\/media?parent=34590"}],"curies":[{"name":"wp","href":"https:\/\/api.w.org\/{rel}","templated":true}]}}