{"id":34581,"date":"2025-09-24T12:00:39","date_gmt":"2025-09-24T17:00:39","guid":{"rendered":"https:\/\/elestataldemexico.com\/?page_id=34581"},"modified":"2025-09-24T09:48:54","modified_gmt":"2025-09-24T14:48:54","slug":"franco-mastantuono-se-estrena-como-goleador-con-el-real-madrid-en-victoria-ante-levante","status":"publish","type":"page","link":"https:\/\/elestataldemexico.com\/index.php\/franco-mastantuono-se-estrena-como-goleador-con-el-real-madrid-en-victoria-ante-levante\/","title":{"rendered":"Franco Mastantuono se estrena como goleador con el Real Madrid en victoria ante Levante"},"content":{"rendered":"<p>\ud83d\udd38 El juvenil argentino aport\u00f3 un tanto en el triunfo de los Merengues ante el Levante en LaLiga.<\/p>\n<p>#DEPORTES | El argentino Franco Mastantuono, fichado por el Real Madrid para esta temporada, marc\u00f3 ayer martes ante el Levante su primer gol con el conjunto blanco. Estreno goleador para el \u201830\u2019, que, adem\u00e1s de con compromiso y trabajo defensivo, le devuelve la confianza a Xabi Alonso.<\/p>\n<p>Mastantuono fue presentado con el Real Madrid el 14 de agosto, justo cuando cumpli\u00f3 la mayor\u00eda de edad. Y con solo cuatro entrenamientos en la Ciudad Deportiva de Valdebebas, ya tuvo minutos en el Real Madrid. Entr\u00f3 al Santiago Bernab\u00e9u como primer cambio, junto a Dani Carvajal, ante Osasuna.<\/p>\n<p>Desde el primer momento, Xabi Alonso refrend\u00f3 con sus decisiones sobre el terreno de juego su mensaje ante la prensa: Franco Mastantuono es de su agrado. Tanto que, diez d\u00edas despu\u00e9s de su presentaci\u00f3n, ya fue titular con el Real Madrid.<\/p>\n<p>Un protagonismo para el argentino que ha ido creciendo partido a partido. De los siete partidos de lo que va de temporada para el Real Madrid, solo se ha quedado sin jugar en uno, ante la Real Sociedad. Decisi\u00f3n de Xabi Alonso fundamentada en que era el primer partido tras el par\u00f3n de selecciones de septiembre, y Mastantuono hab\u00eda tenido minutos tres d\u00edas antes en Ecuador.<\/p>\n<p>Tras el descanso, tres titularidades seguidas para el \u201830\u2019 madridista. 63 minutos en Liga de Campeones ante el Olympique de Marsella, 77 -su m\u00e1ximo- ante el Espanyol y 71 este martes contra el Levante.<\/p>\n<p>Partido este en el que Mastantuono ratific\u00f3 su buenas sensaciones en los encuentros previos, al conseguir su primer gol con la camiseta del Real Madrid.<\/p>\n<p>El argentino culmin\u00f3 un contragolpe que arranc\u00f3 \u00c1lvaro Carreras y continu\u00f3 un Vin\u00edcius Junior que, junto al desmarque de Kylian Mbapp\u00e9 hacia la banda izquierda, liberaron a Mastantuono en la derecha. Franco encar\u00f3 a la defensa, que le tap\u00f3 su pierna m\u00e1s h\u00e1bil, la izquierda, y sorprendi\u00f3 con la pierna derecha, con un disparo fuerte a la escuadra del palo corto de la porter\u00eda.<\/p>\n<p>As\u00ed lleg\u00f3 el primer gol de Mastantuono con la camiseta del Real Madrid. Uno que, seg\u00fan datos de Opta, le convierte, con 18 a\u00f1os y 40 d\u00edas, en el segundo jugador m\u00e1s joven del conjunto blanco en marcar en todo el Siglo XXI, tras el brasile\u00f1o Endrick, quien lo logr\u00f3 con 18 a\u00f1os y 35 d\u00edas la pasada temporada.<\/p>\n<p>Adem\u00e1s, el primer gol de Mastantuono coincide en d\u00eda del a\u00f1o con el primero que anot\u00f3 la leyenda del f\u00fatbol Alfredo Di St\u00e9fano con la camiseta blanca. Un 23 de septiembre de 1953.<\/p>\n<p>#FrancoMastantuono #SeEstrena #Como #Goleador #Con #RealMadrid #Victoria #Ante #Levante<\/p>\n","protected":false},"excerpt":{"rendered":"<p>\ud83d\udd38 El juvenil argentino aport\u00f3 un tanto en el triunfo de los Merengues ante el Levante en LaLiga.<\/p>\n","protected":false},"author":1,"featured_media":34583,"parent":0,"menu_order":0,"comment_status":"open","ping_status":"closed","template":"","meta":{"footnotes":""},"class_list":["post-34581","page","type-page","status-publish","has-post-thumbnail","hentry"],"yoast_head":"<!-- This site is optimized with the Yoast SEO plugin v27.4 - https:\/\/yoast.com\/product\/yoast-seo-wordpress\/ -->\n<title>Franco Mastantuono se estrena como goleador con el Real Madrid en victoria ante Levante - El Estatal de M\u00e9xico<\/title>\n<meta name=\"robots\" content=\"index, follow, max-snippet:-1, max-image-preview:large, max-video-preview:-1\" \/>\n<link rel=\"canonical\" href=\"https:\/\/elestataldemexico.com\/index.php\/franco-mastantuono-se-estrena-como-goleador-con-el-real-madrid-en-victoria-ante-levante\/\" \/>\n<meta property=\"og:locale\" content=\"es_ES\" \/>\n<meta property=\"og:type\" content=\"article\" \/>\n<meta property=\"og:title\" content=\"Franco Mastantuono se estrena como goleador con el Real Madrid en victoria ante Levante - El Estatal de M\u00e9xico\" \/>\n<meta property=\"og:description\" content=\"\ud83d\udd38 El juvenil argentino aport\u00f3 un tanto en el triunfo de los Merengues ante el Levante en LaLiga.\" \/>\n<meta property=\"og:url\" content=\"https:\/\/elestataldemexico.com\/index.php\/franco-mastantuono-se-estrena-como-goleador-con-el-real-madrid-en-victoria-ante-levante\/\" \/>\n<meta property=\"og:site_name\" content=\"El Estatal de M\u00e9xico\" \/>\n<meta property=\"og:image\" content=\"https:\/\/elestataldemexico.com\/wp-content\/uploads\/2025\/09\/WhatsApp-Image-2025-09-24-at-09.33.56.jpeg\" \/>\n\t<meta property=\"og:image:width\" content=\"1037\" \/>\n\t<meta property=\"og:image:height\" content=\"585\" \/>\n\t<meta property=\"og:image:type\" content=\"image\/jpeg\" \/>\n<meta name=\"twitter:card\" content=\"summary_large_image\" \/>\n<meta name=\"twitter:label1\" content=\"Tiempo de lectura\" \/>\n\t<meta name=\"twitter:data1\" content=\"2 minutos\" \/>\n<script type=\"application\/ld+json\" class=\"yoast-schema-graph\">{\"@context\":\"https:\\\/\\\/schema.org\",\"@graph\":[{\"@type\":\"WebPage\",\"@id\":\"https:\\\/\\\/elestataldemexico.com\\\/index.php\\\/franco-mastantuono-se-estrena-como-goleador-con-el-real-madrid-en-victoria-ante-levante\\\/\",\"url\":\"https:\\\/\\\/elestataldemexico.com\\\/index.php\\\/franco-mastantuono-se-estrena-como-goleador-con-el-real-madrid-en-victoria-ante-levante\\\/\",\"name\":\"Franco Mastantuono se estrena como goleador con el Real Madrid en victoria ante Levante - El Estatal de M\u00e9xico\",\"isPartOf\":{\"@id\":\"https:\\\/\\\/elestataldemexico.com\\\/#website\"},\"primaryImageOfPage\":{\"@id\":\"https:\\\/\\\/elestataldemexico.com\\\/index.php\\\/franco-mastantuono-se-estrena-como-goleador-con-el-real-madrid-en-victoria-ante-levante\\\/#primaryimage\"},\"image\":{\"@id\":\"https:\\\/\\\/elestataldemexico.com\\\/index.php\\\/franco-mastantuono-se-estrena-como-goleador-con-el-real-madrid-en-victoria-ante-levante\\\/#primaryimage\"},\"thumbnailUrl\":\"https:\\\/\\\/elestataldemexico.com\\\/wp-content\\\/uploads\\\/2025\\\/09\\\/WhatsApp-Image-2025-09-24-at-09.33.56.jpeg\",\"datePublished\":\"2025-09-24T17:00:39+00:00\",\"breadcrumb\":{\"@id\":\"https:\\\/\\\/elestataldemexico.com\\\/index.php\\\/franco-mastantuono-se-estrena-como-goleador-con-el-real-madrid-en-victoria-ante-levante\\\/#breadcrumb\"},\"inLanguage\":\"es\",\"potentialAction\":[{\"@type\":\"ReadAction\",\"target\":[\"https:\\\/\\\/elestataldemexico.com\\\/index.php\\\/franco-mastantuono-se-estrena-como-goleador-con-el-real-madrid-en-victoria-ante-levante\\\/\"]}]},{\"@type\":\"ImageObject\",\"inLanguage\":\"es\",\"@id\":\"https:\\\/\\\/elestataldemexico.com\\\/index.php\\\/franco-mastantuono-se-estrena-como-goleador-con-el-real-madrid-en-victoria-ante-levante\\\/#primaryimage\",\"url\":\"https:\\\/\\\/elestataldemexico.com\\\/wp-content\\\/uploads\\\/2025\\\/09\\\/WhatsApp-Image-2025-09-24-at-09.33.56.jpeg\",\"contentUrl\":\"https:\\\/\\\/elestataldemexico.com\\\/wp-content\\\/uploads\\\/2025\\\/09\\\/WhatsApp-Image-2025-09-24-at-09.33.56.jpeg\",\"width\":1037,\"height\":585},{\"@type\":\"BreadcrumbList\",\"@id\":\"https:\\\/\\\/elestataldemexico.com\\\/index.php\\\/franco-mastantuono-se-estrena-como-goleador-con-el-real-madrid-en-victoria-ante-levante\\\/#breadcrumb\",\"itemListElement\":[{\"@type\":\"ListItem\",\"position\":1,\"name\":\"Portada\",\"item\":\"https:\\\/\\\/elestataldemexico.com\\\/\"},{\"@type\":\"ListItem\",\"position\":2,\"name\":\"Franco Mastantuono se estrena como goleador con el Real Madrid en victoria ante Levante\"}]},{\"@type\":\"WebSite\",\"@id\":\"https:\\\/\\\/elestataldemexico.com\\\/#website\",\"url\":\"https:\\\/\\\/elestataldemexico.com\\\/\",\"name\":\"El Estatal de M\u00e9xico\",\"description\":\"\",\"publisher\":{\"@id\":\"https:\\\/\\\/elestataldemexico.com\\\/#organization\"},\"potentialAction\":[{\"@type\":\"SearchAction\",\"target\":{\"@type\":\"EntryPoint\",\"urlTemplate\":\"https:\\\/\\\/elestataldemexico.com\\\/?s={search_term_string}\"},\"query-input\":{\"@type\":\"PropertyValueSpecification\",\"valueRequired\":true,\"valueName\":\"search_term_string\"}}],\"inLanguage\":\"es\"},{\"@type\":\"Organization\",\"@id\":\"https:\\\/\\\/elestataldemexico.com\\\/#organization\",\"name\":\"El Estatal de M\u00e9xico\",\"url\":\"https:\\\/\\\/elestataldemexico.com\\\/\",\"logo\":{\"@type\":\"ImageObject\",\"inLanguage\":\"es\",\"@id\":\"https:\\\/\\\/elestataldemexico.com\\\/#\\\/schema\\\/logo\\\/image\\\/\",\"url\":\"https:\\\/\\\/elestataldemexico.com\\\/wp-content\\\/uploads\\\/2025\\\/05\\\/cropped-elestatal.png\",\"contentUrl\":\"https:\\\/\\\/elestataldemexico.com\\\/wp-content\\\/uploads\\\/2025\\\/05\\\/cropped-elestatal.png\",\"width\":504,\"height\":97,\"caption\":\"El Estatal de M\u00e9xico\"},\"image\":{\"@id\":\"https:\\\/\\\/elestataldemexico.com\\\/#\\\/schema\\\/logo\\\/image\\\/\"}}]}<\/script>\n<!-- \/ Yoast SEO plugin. -->","yoast_head_json":{"title":"Franco Mastantuono se estrena como goleador con el Real Madrid en victoria ante Levante - El Estatal de M\u00e9xico","robots":{"index":"index","follow":"follow","max-snippet":"max-snippet:-1","max-image-preview":"max-image-preview:large","max-video-preview":"max-video-preview:-1"},"canonical":"https:\/\/elestataldemexico.com\/index.php\/franco-mastantuono-se-estrena-como-goleador-con-el-real-madrid-en-victoria-ante-levante\/","og_locale":"es_ES","og_type":"article","og_title":"Franco Mastantuono se estrena como goleador con el Real Madrid en victoria ante Levante - El Estatal de M\u00e9xico","og_description":"\ud83d\udd38 El juvenil argentino aport\u00f3 un tanto en el triunfo de los Merengues ante el Levante en LaLiga.","og_url":"https:\/\/elestataldemexico.com\/index.php\/franco-mastantuono-se-estrena-como-goleador-con-el-real-madrid-en-victoria-ante-levante\/","og_site_name":"El Estatal de M\u00e9xico","og_image":[{"width":1037,"height":585,"url":"https:\/\/elestataldemexico.com\/wp-content\/uploads\/2025\/09\/WhatsApp-Image-2025-09-24-at-09.33.56.jpeg","type":"image\/jpeg"}],"twitter_card":"summary_large_image","twitter_misc":{"Tiempo de lectura":"2 minutos"},"schema":{"@context":"https:\/\/schema.org","@graph":[{"@type":"WebPage","@id":"https:\/\/elestataldemexico.com\/index.php\/franco-mastantuono-se-estrena-como-goleador-con-el-real-madrid-en-victoria-ante-levante\/","url":"https:\/\/elestataldemexico.com\/index.php\/franco-mastantuono-se-estrena-como-goleador-con-el-real-madrid-en-victoria-ante-levante\/","name":"Franco Mastantuono se estrena como goleador con el Real Madrid en victoria ante Levante - El Estatal de M\u00e9xico","isPartOf":{"@id":"https:\/\/elestataldemexico.com\/#website"},"primaryImageOfPage":{"@id":"https:\/\/elestataldemexico.com\/index.php\/franco-mastantuono-se-estrena-como-goleador-con-el-real-madrid-en-victoria-ante-levante\/#primaryimage"},"image":{"@id":"https:\/\/elestataldemexico.com\/index.php\/franco-mastantuono-se-estrena-como-goleador-con-el-real-madrid-en-victoria-ante-levante\/#primaryimage"},"thumbnailUrl":"https:\/\/elestataldemexico.com\/wp-content\/uploads\/2025\/09\/WhatsApp-Image-2025-09-24-at-09.33.56.jpeg","datePublished":"2025-09-24T17:00:39+00:00","breadcrumb":{"@id":"https:\/\/elestataldemexico.com\/index.php\/franco-mastantuono-se-estrena-como-goleador-con-el-real-madrid-en-victoria-ante-levante\/#breadcrumb"},"inLanguage":"es","potentialAction":[{"@type":"ReadAction","target":["https:\/\/elestataldemexico.com\/index.php\/franco-mastantuono-se-estrena-como-goleador-con-el-real-madrid-en-victoria-ante-levante\/"]}]},{"@type":"ImageObject","inLanguage":"es","@id":"https:\/\/elestataldemexico.com\/index.php\/franco-mastantuono-se-estrena-como-goleador-con-el-real-madrid-en-victoria-ante-levante\/#primaryimage","url":"https:\/\/elestataldemexico.com\/wp-content\/uploads\/2025\/09\/WhatsApp-Image-2025-09-24-at-09.33.56.jpeg","contentUrl":"https:\/\/elestataldemexico.com\/wp-content\/uploads\/2025\/09\/WhatsApp-Image-2025-09-24-at-09.33.56.jpeg","width":1037,"height":585},{"@type":"BreadcrumbList","@id":"https:\/\/elestataldemexico.com\/index.php\/franco-mastantuono-se-estrena-como-goleador-con-el-real-madrid-en-victoria-ante-levante\/#breadcrumb","itemListElement":[{"@type":"ListItem","position":1,"name":"Portada","item":"https:\/\/elestataldemexico.com\/"},{"@type":"ListItem","position":2,"name":"Franco Mastantuono se estrena como goleador con el Real Madrid en victoria ante Levante"}]},{"@type":"WebSite","@id":"https:\/\/elestataldemexico.com\/#website","url":"https:\/\/elestataldemexico.com\/","name":"El Estatal de M\u00e9xico","description":"","publisher":{"@id":"https:\/\/elestataldemexico.com\/#organization"},"potentialAction":[{"@type":"SearchAction","target":{"@type":"EntryPoint","urlTemplate":"https:\/\/elestataldemexico.com\/?s={search_term_string}"},"query-input":{"@type":"PropertyValueSpecification","valueRequired":true,"valueName":"search_term_string"}}],"inLanguage":"es"},{"@type":"Organization","@id":"https:\/\/elestataldemexico.com\/#organization","name":"El Estatal de M\u00e9xico","url":"https:\/\/elestataldemexico.com\/","logo":{"@type":"ImageObject","inLanguage":"es","@id":"https:\/\/elestataldemexico.com\/#\/schema\/logo\/image\/","url":"https:\/\/elestataldemexico.com\/wp-content\/uploads\/2025\/05\/cropped-elestatal.png","contentUrl":"https:\/\/elestataldemexico.com\/wp-content\/uploads\/2025\/05\/cropped-elestatal.png","width":504,"height":97,"caption":"El Estatal de M\u00e9xico"},"image":{"@id":"https:\/\/elestataldemexico.com\/#\/schema\/logo\/image\/"}}]}},"_links":{"self":[{"href":"https:\/\/elestataldemexico.com\/index.php\/wp-json\/wp\/v2\/pages\/34581","targetHints":{"allow":["GET"]}}],"collection":[{"href":"https:\/\/elestataldemexico.com\/index.php\/wp-json\/wp\/v2\/pages"}],"about":[{"href":"https:\/\/elestataldemexico.com\/index.php\/wp-json\/wp\/v2\/types\/page"}],"author":[{"embeddable":true,"href":"https:\/\/elestataldemexico.com\/index.php\/wp-json\/wp\/v2\/users\/1"}],"replies":[{"embeddable":true,"href":"https:\/\/elestataldemexico.com\/index.php\/wp-json\/wp\/v2\/comments?post=34581"}],"version-history":[{"count":1,"href":"https:\/\/elestataldemexico.com\/index.php\/wp-json\/wp\/v2\/pages\/34581\/revisions"}],"predecessor-version":[{"id":34582,"href":"https:\/\/elestataldemexico.com\/index.php\/wp-json\/wp\/v2\/pages\/34581\/revisions\/34582"}],"wp:featuredmedia":[{"embeddable":true,"href":"https:\/\/elestataldemexico.com\/index.php\/wp-json\/wp\/v2\/media\/34583"}],"wp:attachment":[{"href":"https:\/\/elestataldemexico.com\/index.php\/wp-json\/wp\/v2\/media?parent=34581"}],"curies":[{"name":"wp","href":"https:\/\/api.w.org\/{rel}","templated":true}]}}